{"id":4922,"date":"2018-04-09T18:34:03","date_gmt":"2018-04-09T16:34:03","guid":{"rendered":"http:\/\/museum.hinterpasseier.it\/le-strutture\/bunker-mooseum\/teme\/storia\/"},"modified":"2018-04-09T18:34:04","modified_gmt":"2018-04-09T16:34:04","slug":"storia","status":"publish","type":"page","link":"https:\/\/museum.hinterpasseier.it\/it\/le-strutture\/bunker-mooseum\/temi\/storia\/","title":{"rendered":"storia"},"content":{"rendered":"[vc_row type=&#8221;in_container&#8221; full_screen_row_position=&#8221;middle&#8221; scene_position=&#8221;center&#8221; text_color=&#8221;dark&#8221; text_align=&#8221;left&#8221; overlay_strength=&#8221;0.3&#8243;][vc_column column_padding=&#8221;no-extra-padding&#8221; column_padding_position=&#8221;all&#8221; background_color_opacity=&#8221;1&#8243; background_hover_color_opacity=&#8221;1&#8243; width=&#8221;1\/2&#8243; tablet_text_alignment=&#8221;default&#8221; phone_text_alignment=&#8221;default&#8221;][vc_column_text]\n<div class=\"vorspann\">\n<h3>Storia<\/h3>\n<\/div>\n<div class=\"vorspann\"><\/div>\n<div class=\"vorspann\">\n<p><strong><b>Cambiamenti profondi<\/b><\/strong><\/p>\n<p>Il Novecento fu un periodo in cui Moso in alta Val Passiria conobbe profondi cambiamenti. Una parte della mostra \u00e8 dunque dedicata alla storia e alle storie cos\u00ec come agli avvenimenti pi\u00f9 significativi. Durante la Grande Guerra, il piccolo borgo montano era divenuto zona di frontiera. Furono erette due caserme e con i lavori di costruzione della strada militare sul Passo del Rombo arrivarono oltre mille operai. Con la realizzazione del sistema di bunker l\u2019importante via di collegamento con la valle austriaca \u00d6tztal fu interrotta. I giovani pi\u00f9 arditi tentavano di supplire alle carenze che caratterizzarono il periodo tra le due guerre con il commercio illegale oltre confine.<\/p>\n<p>Particolare attenzione \u00e8 dedicata alla storia dell\u2019alta Val Passiria.<br \/>\nUn filmato proiettato in una delle sale scavate nella roccia permette di approfondire l\u2019argomento.<\/p>\n<\/div>\n[\/vc_column_text][\/vc_column][vc_column column_padding=&#8221;no-extra-padding&#8221; column_padding_position=&#8221;all&#8221; background_color_opacity=&#8221;1&#8243; background_hover_color_opacity=&#8221;1&#8243; width=&#8221;1\/2&#8243; tablet_text_alignment=&#8221;default&#8221; phone_text_alignment=&#8221;default&#8221;][vc_gallery type=&#8221;flexslider_style&#8221; images=&#8221;2848,2849,2850,2851,2852&#8243; onclick=&#8221;link_no&#8221;][\/vc_column][\/vc_row][vc_row type=&#8221;in_container&#8221; full_screen_row_position=&#8221;middle&#8221; scene_position=&#8221;center&#8221; text_color=&#8221;dark&#8221; text_align=&#8221;left&#8221; overlay_strength=&#8221;0.3&#8243;][vc_column column_padding=&#8221;no-extra-padding&#8221; column_padding_position=&#8221;all&#8221; background_color_opacity=&#8221;1&#8243; background_hover_color_opacity=&#8221;1&#8243; width=&#8221;5\/6&#8243; tablet_text_alignment=&#8221;default&#8221; phone_text_alignment=&#8221;default&#8221;][vc_column_text]\n<div style=\"width: 640px;\" class=\"wp-video\"><video class=\"wp-video-shortcode\" id=\"video-4922-1\" width=\"640\" height=\"360\" autoplay preload=\"metadata\" controls=\"controls\"><source type=\"video\/mp4\" src=\"http:\/\/museum.hinterpasseier.it\/wordpress\/wp-content\/uploads\/2017\/08\/DorfanimationenMoosPlatt-aktuell.mp4?_=1\" \/><a href=\"http:\/\/museum.hinterpasseier.it\/wordpress\/wp-content\/uploads\/2017\/08\/DorfanimationenMoosPlatt-aktuell.mp4\">http:\/\/museum.hinterpasseier.it\/wordpress\/wp-content\/uploads\/2017\/08\/DorfanimationenMoosPlatt-aktuell.mp4<\/a><\/video><\/div>\n[\/vc_column_text][\/vc_column][vc_column column_padding=&#8221;no-extra-padding&#8221; column_padding_position=&#8221;all&#8221; background_color_opacity=&#8221;1&#8243; background_hover_color_opacity=&#8221;1&#8243; width=&#8221;1\/6&#8243; tablet_text_alignment=&#8221;default&#8221; phone_text_alignment=&#8221;default&#8221;][vc_column_text]<strong>Video Animazioni paesi Moso &#8211; Plata<br \/>\n<\/strong><\/p>\n<p><strong>Regia:<\/strong><br \/>\nAndreas Pichler<\/p>\n<p><strong>Produzione:<\/strong><br \/>\nMiramonte Film[\/vc_column_text][\/vc_column][\/vc_row]\n","protected":false},"excerpt":{"rendered":"<p>[vc_row type=&#8221;in_container&#8221; full_screen_row_position=&#8221;middle&#8221; scene_position=&#8221;center&#8221; text_color=&#8221;dark&#8221; text_align=&#8221;left&#8221; overlay_strength=&#8221;0.3&#8243;][vc_column column_padding=&#8221;no-extra-padding&#8221; column_padding_position=&#8221;all&#8221; background_color_opacity=&#8221;1&#8243; background_hover_color_opacity=&#8221;1&#8243; width=&#8221;1\/2&#8243; tablet_text_alignment=&#8221;default&#8221; phone_text_alignment=&#8221;default&#8221;][vc_column_text] Storia Cambiamenti profondi Il Novecento fu un periodo in cui Moso in alta Val Passiria conobbe profondi cambiamenti. Una parte della mostra \u00e8 dunque dedicata alla storia e alle storie cos\u00ec come agli avvenimenti pi\u00f9 significativi. Durante la Grande Guerra, il&#8230;<\/p>\n","protected":false},"author":3,"featured_media":0,"parent":4906,"menu_order":0,"comment_status":"closed","ping_status":"closed","template":"","meta":{"footnotes":""},"class_list":["post-4922","page","type-page","status-publish"],"yoast_head":"<!-- This site is optimized with the Yoast SEO plugin v27.4 - https:\/\/yoast.com\/product\/yoast-seo-wordpress\/ -->\n<title>storia - MuseumHinterPasseier<\/title>\n<meta name=\"description\" content=\"Storia Cambiamenti profondi Il Novecento fu un periodo in cui Moso in alta Val Passiria conobbe profondi cambiamenti. Una parte della mostra \u00e8 dunque\" \/>\n<meta name=\"robots\" content=\"index, follow, max-snippet:-1, max-image-preview:large, max-video-preview:-1\" \/>\n<link rel=\"canonical\" href=\"https:\/\/museum.hinterpasseier.it\/it\/le-strutture\/bunker-mooseum\/temi\/storia\/\" \/>\n<meta property=\"og:locale\" content=\"it_IT\" \/>\n<meta property=\"og:type\" content=\"article\" \/>\n<meta property=\"og:title\" content=\"storia - MuseumHinterPasseier\" \/>\n<meta property=\"og:description\" content=\"Storia Cambiamenti profondi Il Novecento fu un periodo in cui Moso in alta Val Passiria conobbe profondi cambiamenti. Una parte della mostra \u00e8 dunque\" \/>\n<meta property=\"og:url\" content=\"https:\/\/museum.hinterpasseier.it\/it\/le-strutture\/bunker-mooseum\/temi\/storia\/\" \/>\n<meta property=\"og:site_name\" content=\"MuseumHinterPasseier\" \/>\n<meta property=\"article:publisher\" content=\"https:\/\/www.facebook.com\/museum.hinterpasseier\" \/>\n<meta property=\"article:modified_time\" content=\"2018-04-09T16:34:04+00:00\" \/>\n<meta property=\"og:image\" content=\"https:\/\/i0.wp.com\/museum.hinterpasseier.it\/wordpress\/wp-content\/uploads\/2024\/06\/Glasturm-Bunker-aussen2-scaled.jpg?fit=2048%2C1365&ssl=1\" \/>\n\t<meta property=\"og:image:width\" content=\"2048\" \/>\n\t<meta property=\"og:image:height\" content=\"1365\" \/>\n\t<meta property=\"og:image:type\" content=\"image\/jpeg\" \/>\n<meta name=\"twitter:card\" content=\"summary_large_image\" \/>\n<meta name=\"twitter:label1\" content=\"Tempo di lettura stimato\" \/>\n\t<meta name=\"twitter:data1\" content=\"2 minuti\" \/>\n<script type=\"application\/ld+json\" class=\"yoast-schema-graph\">{\"@context\":\"https:\\\/\\\/schema.org\",\"@graph\":[{\"@type\":\"WebPage\",\"@id\":\"https:\\\/\\\/museum.hinterpasseier.it\\\/it\\\/le-strutture\\\/bunker-mooseum\\\/temi\\\/storia\\\/\",\"url\":\"https:\\\/\\\/museum.hinterpasseier.it\\\/it\\\/le-strutture\\\/bunker-mooseum\\\/temi\\\/storia\\\/\",\"name\":\"storia - MuseumHinterPasseier\",\"isPartOf\":{\"@id\":\"https:\\\/\\\/museum.hinterpasseier.it\\\/it\\\/#website\"},\"datePublished\":\"2018-04-09T16:34:03+00:00\",\"dateModified\":\"2018-04-09T16:34:04+00:00\",\"description\":\"Storia Cambiamenti profondi Il Novecento fu un periodo in cui Moso in alta Val Passiria conobbe profondi cambiamenti. Una parte della mostra \u00e8 dunque\",\"breadcrumb\":{\"@id\":\"https:\\\/\\\/museum.hinterpasseier.it\\\/it\\\/le-strutture\\\/bunker-mooseum\\\/temi\\\/storia\\\/#breadcrumb\"},\"inLanguage\":\"it-IT\",\"potentialAction\":[{\"@type\":\"ReadAction\",\"target\":[\"https:\\\/\\\/museum.hinterpasseier.it\\\/it\\\/le-strutture\\\/bunker-mooseum\\\/temi\\\/storia\\\/\"]}]},{\"@type\":\"BreadcrumbList\",\"@id\":\"https:\\\/\\\/museum.hinterpasseier.it\\\/it\\\/le-strutture\\\/bunker-mooseum\\\/temi\\\/storia\\\/#breadcrumb\",\"itemListElement\":[{\"@type\":\"ListItem\",\"position\":1,\"name\":\"Home\",\"item\":\"https:\\\/\\\/museum.hinterpasseier.it\\\/it\\\/\"},{\"@type\":\"ListItem\",\"position\":2,\"name\":\"Le strutture\",\"item\":\"https:\\\/\\\/museum.hinterpasseier.it\\\/it\\\/le-strutture\\\/\"},{\"@type\":\"ListItem\",\"position\":3,\"name\":\"Bunker Mooseum\",\"item\":\"https:\\\/\\\/museum.hinterpasseier.it\\\/it\\\/le-strutture\\\/bunker-mooseum\\\/\"},{\"@type\":\"ListItem\",\"position\":4,\"name\":\"temi\",\"item\":\"https:\\\/\\\/museum.hinterpasseier.it\\\/it\\\/le-strutture\\\/bunker-mooseum\\\/temi\\\/\"},{\"@type\":\"ListItem\",\"position\":5,\"name\":\"storia\"}]},{\"@type\":\"WebSite\",\"@id\":\"https:\\\/\\\/museum.hinterpasseier.it\\\/it\\\/#website\",\"url\":\"https:\\\/\\\/museum.hinterpasseier.it\\\/it\\\/\",\"name\":\"MuseumHinterPasseier\",\"description\":\"Bunker Mooseum - Stieber Mooseum - Timmel_Transit\",\"publisher\":{\"@id\":\"https:\\\/\\\/museum.hinterpasseier.it\\\/it\\\/#organization\"},\"alternateName\":\"Bunker Mooseum\",\"potentialAction\":[{\"@type\":\"SearchAction\",\"target\":{\"@type\":\"EntryPoint\",\"urlTemplate\":\"https:\\\/\\\/museum.hinterpasseier.it\\\/it\\\/?s={search_term_string}\"},\"query-input\":{\"@type\":\"PropertyValueSpecification\",\"valueRequired\":true,\"valueName\":\"search_term_string\"}}],\"inLanguage\":\"it-IT\"},{\"@type\":\"Organization\",\"@id\":\"https:\\\/\\\/museum.hinterpasseier.it\\\/it\\\/#organization\",\"name\":\"MuseumHinterPasseier\",\"alternateName\":\"Bunker Mooseum\",\"url\":\"https:\\\/\\\/museum.hinterpasseier.it\\\/it\\\/\",\"logo\":{\"@type\":\"ImageObject\",\"inLanguage\":\"it-IT\",\"@id\":\"https:\\\/\\\/museum.hinterpasseier.it\\\/it\\\/#\\\/schema\\\/logo\\\/image\\\/\",\"url\":\"https:\\\/\\\/i0.wp.com\\\/museum.hinterpasseier.it\\\/wordpress\\\/wp-content\\\/uploads\\\/2018\\\/03\\\/Logo-BunkerMooseum.png?fit=405%2C484&ssl=1\",\"contentUrl\":\"https:\\\/\\\/i0.wp.com\\\/museum.hinterpasseier.it\\\/wordpress\\\/wp-content\\\/uploads\\\/2018\\\/03\\\/Logo-BunkerMooseum.png?fit=405%2C484&ssl=1\",\"width\":405,\"height\":484,\"caption\":\"MuseumHinterPasseier\"},\"image\":{\"@id\":\"https:\\\/\\\/museum.hinterpasseier.it\\\/it\\\/#\\\/schema\\\/logo\\\/image\\\/\"},\"sameAs\":[\"https:\\\/\\\/www.facebook.com\\\/museum.hinterpasseier\",\"https:\\\/\\\/www.instagram.com\\\/museumhinterpasseier\\\/\"]}]}<\/script>\n<!-- \/ Yoast SEO plugin. -->","yoast_head_json":{"title":"storia - MuseumHinterPasseier","description":"Storia Cambiamenti profondi Il Novecento fu un periodo in cui Moso in alta Val Passiria conobbe profondi cambiamenti. Una parte della mostra \u00e8 dunque","robots":{"index":"index","follow":"follow","max-snippet":"max-snippet:-1","max-image-preview":"max-image-preview:large","max-video-preview":"max-video-preview:-1"},"canonical":"https:\/\/museum.hinterpasseier.it\/it\/le-strutture\/bunker-mooseum\/temi\/storia\/","og_locale":"it_IT","og_type":"article","og_title":"storia - MuseumHinterPasseier","og_description":"Storia Cambiamenti profondi Il Novecento fu un periodo in cui Moso in alta Val Passiria conobbe profondi cambiamenti. Una parte della mostra \u00e8 dunque","og_url":"https:\/\/museum.hinterpasseier.it\/it\/le-strutture\/bunker-mooseum\/temi\/storia\/","og_site_name":"MuseumHinterPasseier","article_publisher":"https:\/\/www.facebook.com\/museum.hinterpasseier","article_modified_time":"2018-04-09T16:34:04+00:00","og_image":[{"width":2048,"height":1365,"url":"https:\/\/i0.wp.com\/museum.hinterpasseier.it\/wordpress\/wp-content\/uploads\/2024\/06\/Glasturm-Bunker-aussen2-scaled.jpg?fit=2048%2C1365&ssl=1","type":"image\/jpeg"}],"twitter_card":"summary_large_image","twitter_misc":{"Tempo di lettura stimato":"2 minuti"},"schema":{"@context":"https:\/\/schema.org","@graph":[{"@type":"WebPage","@id":"https:\/\/museum.hinterpasseier.it\/it\/le-strutture\/bunker-mooseum\/temi\/storia\/","url":"https:\/\/museum.hinterpasseier.it\/it\/le-strutture\/bunker-mooseum\/temi\/storia\/","name":"storia - MuseumHinterPasseier","isPartOf":{"@id":"https:\/\/museum.hinterpasseier.it\/it\/#website"},"datePublished":"2018-04-09T16:34:03+00:00","dateModified":"2018-04-09T16:34:04+00:00","description":"Storia Cambiamenti profondi Il Novecento fu un periodo in cui Moso in alta Val Passiria conobbe profondi cambiamenti. Una parte della mostra \u00e8 dunque","breadcrumb":{"@id":"https:\/\/museum.hinterpasseier.it\/it\/le-strutture\/bunker-mooseum\/temi\/storia\/#breadcrumb"},"inLanguage":"it-IT","potentialAction":[{"@type":"ReadAction","target":["https:\/\/museum.hinterpasseier.it\/it\/le-strutture\/bunker-mooseum\/temi\/storia\/"]}]},{"@type":"BreadcrumbList","@id":"https:\/\/museum.hinterpasseier.it\/it\/le-strutture\/bunker-mooseum\/temi\/storia\/#breadcrumb","itemListElement":[{"@type":"ListItem","position":1,"name":"Home","item":"https:\/\/museum.hinterpasseier.it\/it\/"},{"@type":"ListItem","position":2,"name":"Le strutture","item":"https:\/\/museum.hinterpasseier.it\/it\/le-strutture\/"},{"@type":"ListItem","position":3,"name":"Bunker Mooseum","item":"https:\/\/museum.hinterpasseier.it\/it\/le-strutture\/bunker-mooseum\/"},{"@type":"ListItem","position":4,"name":"temi","item":"https:\/\/museum.hinterpasseier.it\/it\/le-strutture\/bunker-mooseum\/temi\/"},{"@type":"ListItem","position":5,"name":"storia"}]},{"@type":"WebSite","@id":"https:\/\/museum.hinterpasseier.it\/it\/#website","url":"https:\/\/museum.hinterpasseier.it\/it\/","name":"MuseumHinterPasseier","description":"Bunker Mooseum - Stieber Mooseum - Timmel_Transit","publisher":{"@id":"https:\/\/museum.hinterpasseier.it\/it\/#organization"},"alternateName":"Bunker Mooseum","potentialAction":[{"@type":"SearchAction","target":{"@type":"EntryPoint","urlTemplate":"https:\/\/museum.hinterpasseier.it\/it\/?s={search_term_string}"},"query-input":{"@type":"PropertyValueSpecification","valueRequired":true,"valueName":"search_term_string"}}],"inLanguage":"it-IT"},{"@type":"Organization","@id":"https:\/\/museum.hinterpasseier.it\/it\/#organization","name":"MuseumHinterPasseier","alternateName":"Bunker Mooseum","url":"https:\/\/museum.hinterpasseier.it\/it\/","logo":{"@type":"ImageObject","inLanguage":"it-IT","@id":"https:\/\/museum.hinterpasseier.it\/it\/#\/schema\/logo\/image\/","url":"https:\/\/i0.wp.com\/museum.hinterpasseier.it\/wordpress\/wp-content\/uploads\/2018\/03\/Logo-BunkerMooseum.png?fit=405%2C484&ssl=1","contentUrl":"https:\/\/i0.wp.com\/museum.hinterpasseier.it\/wordpress\/wp-content\/uploads\/2018\/03\/Logo-BunkerMooseum.png?fit=405%2C484&ssl=1","width":405,"height":484,"caption":"MuseumHinterPasseier"},"image":{"@id":"https:\/\/museum.hinterpasseier.it\/it\/#\/schema\/logo\/image\/"},"sameAs":["https:\/\/www.facebook.com\/museum.hinterpasseier","https:\/\/www.instagram.com\/museumhinterpasseier\/"]}]}},"jetpack_sharing_enabled":true,"_links":{"self":[{"href":"https:\/\/museum.hinterpasseier.it\/it\/wp-json\/wp\/v2\/pages\/4922","targetHints":{"allow":["GET"]}}],"collection":[{"href":"https:\/\/museum.hinterpasseier.it\/it\/wp-json\/wp\/v2\/pages"}],"about":[{"href":"https:\/\/museum.hinterpasseier.it\/it\/wp-json\/wp\/v2\/types\/page"}],"author":[{"embeddable":true,"href":"https:\/\/museum.hinterpasseier.it\/it\/wp-json\/wp\/v2\/users\/3"}],"replies":[{"embeddable":true,"href":"https:\/\/museum.hinterpasseier.it\/it\/wp-json\/wp\/v2\/comments?post=4922"}],"version-history":[{"count":0,"href":"https:\/\/museum.hinterpasseier.it\/it\/wp-json\/wp\/v2\/pages\/4922\/revisions"}],"up":[{"embeddable":true,"href":"https:\/\/museum.hinterpasseier.it\/it\/wp-json\/wp\/v2\/pages\/4906"}],"wp:attachment":[{"href":"https:\/\/museum.hinterpasseier.it\/it\/wp-json\/wp\/v2\/media?parent=4922"}],"curies":[{"name":"wp","href":"https:\/\/api.w.org\/{rel}","templated":true}]}}